{"id":283,"date":"2024-01-25T09:56:12","date_gmt":"2024-01-25T14:56:12","guid":{"rendered":"https:\/\/www.restaurantscanada.org\/?page_id=283"},"modified":"2024-01-29T18:42:06","modified_gmt":"2024-01-29T23:42:06","slug":"thank-you","status":"publish","type":"page","link":"https:\/\/www.restaurantscanada.org\/fr\/members\/join\/thank-you\/","title":{"rendered":"Thank you"},"content":{"rendered":"\n<div class=\"wp-block-group is-layout-constrained wp-block-group-is-layout-constrained\">\n<div class=\"wp-block-columns is-layout-flex wp-container-core-columns-is-layout-a1383269 wp-block-columns-is-layout-flex\" style=\"padding-top:var(--wp--preset--spacing--50);padding-bottom:var(--wp--preset--spacing--50)\">\n<div class=\"wp-block-column is-layout-flow wp-block-column-is-layout-flow\" style=\"flex-basis:60%\">\n<h1 class=\"wp-block-heading\">Thank you for becoming a member<\/h1>\n\n\n\n<p class=\"is-style-lead\">One of our Membership Services representatives will be in touch soon to complete the registration process.<\/p>\n<\/div>\n<\/div>\n<\/div>\n\n\n\n<div class=\"wp-block-group alignfull is-style-rounded has-background is-layout-constrained wp-container-core-group-is-layout-b05918e7 wp-block-group-is-layout-constrained\" style=\"background-color:#abb7c22e;padding-top:var(--wp--preset--spacing--70);padding-right:var(--wp--preset--spacing--50);padding-bottom:var(--wp--preset--spacing--70);padding-left:var(--wp--preset--spacing--50)\">\n<h2 class=\"wp-block-heading has-text-align-center\">What happens next<\/h2>\n\n\n\n<p class=\"has-text-align-center\">We have a few tasks in our own \u201cback of the house\u201d, so just hang tight. \u2028Here\u2019s what you can expect in the next day or so to finalize your membership.<\/p>\n\n\n\n<div class=\"wp-block-columns are-vertically-aligned-center is-style-divider-red is-layout-flex wp-container-core-columns-is-layout-9d6595d7 wp-block-columns-is-layout-flex\">\n<div class=\"wp-block-column is-vertically-aligned-center is-layout-flow wp-block-column-is-layout-flow\">\n<div id=\"card-block_0518da36e1be5f5ab7ff1c26424f2505\" class=\"card onScroll no-image\" style=\"--card-color:#ED1C24;\">\n        <div class=\"card-inner\">\n            <div class=\"card-asset is-style-border-red\">\n                                <div class=\"fallback-content\">\n                                            <h3 class=\"fallback-title\">CHECK YOUR INBOX<\/h3>\n                                        <\/div>\n                            <\/div>\n    <\/div>\n    <!-- Card Content -->\n    <div class=\"card-content\">\n        <h3><span>Check your inbox<\/span><\/h3>        <p>We have a few tasks in our own \u201cback of the house\u201d, so just hang tight. \u2028Here\u2019s what you can expect in the next day or so to finalize your membership.<\/p>\n    <\/div>\n<\/div><\/div>\n\n\n\n<div class=\"wp-block-column is-vertically-aligned-center is-layout-flow wp-block-column-is-layout-flow\">\n<div id=\"card-block_81a699884f2f0a3fb0eb64d24ba830e9\" class=\"card onScroll no-image\" style=\"--card-color:#ED1C24;\">\n        <div class=\"card-inner\">\n            <div class=\"card-asset is-style-border-red\">\n                                <div class=\"fallback-content\">\n                                            <h3 class=\"fallback-title\">LOGIN TO MEMBER PORTAL<\/h3>\n                                        <\/div>\n                            <\/div>\n    <\/div>\n    <!-- Card Content -->\n    <div class=\"card-content\">\n        <h3><span>Login to Member Portal<\/span><\/h3>        <p>We will email your username and temporary password within <strong>1 business day.<\/strong><\/p>\n    <\/div>\n<\/div><\/div>\n\n\n\n<div class=\"wp-block-column is-vertically-aligned-center is-layout-flow wp-block-column-is-layout-flow\">\n<div id=\"card-block_fc7bc08487e50bbf61adb2aff5f4c1b6\" class=\"card onScroll no-image\" style=\"--card-color:#ED1C24;\">\n        <div class=\"card-inner\">\n            <div class=\"card-asset is-style-border-red\">\n                                <div class=\"fallback-content\">\n                                            <h3 class=\"fallback-title\">EXPLORE YOUR BENEFITS<\/h3>\n                                        <\/div>\n                            <\/div>\n    <\/div>\n    <!-- Card Content -->\n    <div class=\"card-content\">\n        <h3><span>Explore your benefits<\/span><\/h3>        <p style=\"text-align: left;\">Access a wide range of business services, as well as training and certifications.\u00a0<strong><a href=\"\/community\/benefits\/\">Save time. Save money.<\/a><\/strong><\/p>\n    <\/div>\n<\/div><\/div>\n<\/div>\n<\/div>\n\n\n\n<div style=\"height:5rem\" aria-hidden=\"true\" class=\"wp-block-spacer\"><\/div>\n\n\n\n<div class=\"wp-block-group is-layout-constrained wp-block-group-is-layout-constrained\">\n<h2 class=\"wp-block-heading has-text-align-center\">Catch up on the latest news<\/h2>\n\n\n\n<p><a href=\"https:\/\/www.restaurantscanada.org\/industry-news\/proposed-increase-of-bc-chicken-prices-untenable-for-restaurants-and-consumers\/\"><\/a><a href=\"https:\/\/www.restaurantscanada.org\/industry-news\/proposed-increase-of-bc-chicken-prices-untenable-for-restaurants-and-consumers\/\"><\/a><a href=\"https:\/\/www.restaurantscanada.org\/industry-news\/proposed-increase-of-bc-chicken-prices-untenable-for-restaurants-and-consumers\/\"><\/a><\/p>\n\n\n        <div id=\"entries-block_b51752245510713509a634e8b73e755e\" class=\"entries block\">\n\n                                        <div class=\"entries\" data-query='{\"post_type\":[\"post\"],\"posts_per_page\":5,\"paged\":1,\"post__not_in\":[283],\"meta_query\":[{\"key\":\"access\",\"value\":\"members\",\"compare\":\"!=\"}]}' data-page=\"1\" data-columns=\"3\" data-highlight=\"2\" data-activefilterindex=\"0\">\n                        <div class=\"entries\">\n        <div class=\"row gx-5\">                                <div class=\"col-md-7  mb-5\">\n                        \n<article class=\"card post onScroll. has-image\">\n    <a href=\"https:\/\/www.restaurantscanada.org\/fr\/restaurants-canada-presse-les-provinces-a-agir-rapidement-pour-offrir-un-repit-temporaire-aux-restaurants-des-regions-rurales-en-demandant-laugmentation-du-plafond-de-tet\/\" title=\"Lire la suite\"><\/a>    <div class=\"card-inner\">\n                    <div class=\"card-asset is-style-border-red\">\n                <span class=\"tab\">National<\/span>                <img loading=\"lazy\" decoding=\"async\" width=\"770\" height=\"540\" src=\"https:\/\/www.restaurantscanada.org\/wp-content\/uploads\/2026\/04\/iStock-2212420291-770x540.jpg\" class=\"attachment-post-image size-post-image wp-post-image\" alt=\"\" \/>                            <\/div>\n                <div class=\"card-content\">\n            <h3><span>Restaurants\u00a0Canada presse les provinces \u00e0 agir rapidement pour offrir un r\u00e9pit temporaire aux restaurants des r\u00e9gions rurales en demandant l\u2019augmentation du plafond de TET<\/span><\/h3>\n            <p>Les restaurants des r\u00e9gions rurales attendent que les gouvernements provinciaux leur annoncent s\u2019ils pourront b\u00e9n\u00e9ficier d\u2019un r\u00e9pit temporaire&#8230;<\/p>\n        <\/div>\n    <\/div>\n<\/article>\n\n\n\n                    <\/div>\n                \n                                <div class=\"col-md-5  mb-5\">\n                        \n<article class=\"card post onScroll. has-image\">\n    <a href=\"https:\/\/www.restaurantscanada.org\/fr\/restaurants-canada-se-dit-encourage-par-les-changements-apportes-au-programme-des-travailleurs-etrangers-temporaires-en-milieu-rural\/\" title=\"Lire la suite\"><\/a>    <div class=\"card-inner\">\n                    <div class=\"card-asset is-style-border-red\">\n                <span class=\"tab\">National<\/span>                <img loading=\"lazy\" decoding=\"async\" width=\"770\" height=\"540\" src=\"https:\/\/www.restaurantscanada.org\/wp-content\/uploads\/2026\/03\/iStock-968940038-770x540.jpg\" class=\"attachment-post-image size-post-image wp-post-image\" alt=\"\" \/>                            <\/div>\n                <div class=\"card-content\">\n            <h3><span>Restaurants Canada se dit encourag\u00e9 par les changements apport\u00e9s au Programme des travailleurs \u00e9trangers temporaires en milieu rural<\/span><\/h3>\n            <p>L&rsquo;annonce faite aujourd&rsquo;hui par le gouvernement f\u00e9d\u00e9ral concernant des modifications temporaires apport\u00e9es au Programme des travailleurs \u00e9trangers temporaires&#8230;<\/p>\n        <\/div>\n    <\/div>\n<\/article>\n\n\n\n                    <\/div>\n                \n                                <div class=\"col-md-6 col-lg-4 mb-5\">\n                        \n<article class=\"card post onScroll. has-image\">\n    <a href=\"https:\/\/www.restaurantscanada.org\/fr\/nouvelles-regles-en-immigration-une-voie-avec-peu-dissues-pour-la-restauration\/\" title=\"Lire la suite\"><\/a>    <div class=\"card-inner\">\n                    <div class=\"card-asset is-style-border-red\">\n                <span class=\"tab\">Qu\u00e9bec<\/span>                <img loading=\"lazy\" decoding=\"async\" width=\"770\" height=\"540\" src=\"https:\/\/www.restaurantscanada.org\/wp-content\/uploads\/2026\/01\/iStock-1083346704-770x540.jpg\" class=\"attachment-post-image size-post-image wp-post-image\" alt=\"\" \/>                            <\/div>\n                <div class=\"card-content\">\n            <h3><span>Nouvelles r\u00e8gles en immigration : une voie avec peu d\u2019issues pour la restauration<\/span><\/h3>\n            <p>Alors que l\u2019industrie de la restauration vit encore une \u00e9norme pression en mati\u00e8re de disponibilit\u00e9 de la main-d\u2019\u0153uvre,&#8230;<\/p>\n        <\/div>\n    <\/div>\n<\/article>\n\n\n\n                    <\/div>\n                \n                                <div class=\"col-md-6 col-lg-4 mb-5\">\n                        \n<article class=\"card post onScroll. has-image\">\n    <a href=\"https:\/\/www.restaurantscanada.org\/fr\/mise-a-jour-economique-du-quebec-restaurants-canada-salue-les-mesures-soulageant-le-portefeuille-des-quebecois-et-soutenant-les-entreprises\/\" title=\"Lire la suite\"><\/a>    <div class=\"card-inner\">\n                    <div class=\"card-asset is-style-border-red\">\n                <span class=\"tab\">Qu\u00e9bec<\/span>                <img loading=\"lazy\" decoding=\"async\" width=\"770\" height=\"540\" src=\"https:\/\/www.restaurantscanada.org\/wp-content\/uploads\/2025\/11\/iStock-511211038-770x540.jpg\" class=\"attachment-post-image size-post-image wp-post-image\" alt=\"\" \/>                            <\/div>\n                <div class=\"card-content\">\n            <h3><span>Mise \u00e0 jour \u00e9conomique du Qu\u00e9bec\u00a0: Restaurants Canada salue les mesures soulageant le portefeuille des Qu\u00e9b\u00e9cois et soutenant les entreprises<\/span><\/h3>\n            <p>Restaurants Canada salue les mesures dans la mise \u00e0 jour \u00e9conomique du Qu\u00e9bec qui viennent r\u00e9duire les cotisations&#8230;<\/p>\n        <\/div>\n    <\/div>\n<\/article>\n\n\n\n                    <\/div>\n                \n                                <div class=\"col-md-6 col-lg-4 mb-5\">\n                        \n<article class=\"card post onScroll. has-image\">\n    <a href=\"https:\/\/www.restaurantscanada.org\/fr\/declaration-de-restaurants-canada-sur-la-reduction-des-seuils-dimmigration\/\" title=\"Lire la suite\"><\/a>    <div class=\"card-inner\">\n                    <div class=\"card-asset is-style-border-red\">\n                <span class=\"tab\">Qu\u00e9bec<\/span>                <img loading=\"lazy\" decoding=\"async\" width=\"770\" height=\"540\" src=\"https:\/\/www.restaurantscanada.org\/wp-content\/uploads\/2025\/11\/iStock-1136639555-770x540.jpg\" class=\"attachment-post-image size-post-image wp-post-image\" alt=\"\" \/>                            <\/div>\n                <div class=\"card-content\">\n            <h3><span>D\u00e9claration de Restaurants Canada sur la r\u00e9duction des seuils d\u2019immigration<\/span><\/h3>\n            <p>Nous sommes bien \u00e9videment d\u00e9\u00e7us de la r\u00e9duction des seuils d\u2019immigration annonc\u00e9s ce matin par le ministre Roberge,&#8230;<\/p>\n        <\/div>\n    <\/div>\n<\/article>\n\n\n\n                    <\/div>\n                \n                                <div class=\"col-md-6 col-lg-4 mb-5\">\n                        \n<article class=\"card post onScroll. has-image\">\n    <a href=\"https:\/\/www.restaurantscanada.org\/fr\/budget-federal-decevant-sur-labordabilite-alarmant-sur-limmigration-restaurants-canada\/\" title=\"Lire la suite\"><\/a>    <div class=\"card-inner\">\n                    <div class=\"card-asset is-style-border-red\">\n                <span class=\"tab\">National<\/span>                <img loading=\"lazy\" decoding=\"async\" width=\"770\" height=\"540\" src=\"https:\/\/www.restaurantscanada.org\/wp-content\/uploads\/2025\/11\/iStock-1642574298-770x540.jpg\" class=\"attachment-post-image size-post-image wp-post-image\" alt=\"\" \/>                            <\/div>\n                <div class=\"card-content\">\n            <h3><span>Budget f\u00e9d\u00e9ral d\u00e9cevant sur l&rsquo;abordabilit\u00e9, alarmant sur l&rsquo;immigration : Restaurants Canada<\/span><\/h3>\n            <p>Restaurants Canada est d\u00e9\u00e7u par l&rsquo;absence de mesures visant \u00e0 r\u00e9pondre \u00e0 la hausse du co\u00fbt de la&#8230;<\/p>\n        <\/div>\n    <\/div>\n<\/article>\n\n\n\n                    <\/div>\n                \n                                <div class=\"col-md-6 col-lg-4 mb-5\">\n                        \n<article class=\"card post onScroll. has-image\">\n    <a href=\"https:\/\/www.restaurantscanada.org\/fr\/les-restaurants-pourraient-creer-25-000-emplois-supplementaires-pour-les-jeunes-grace-a-une-exemption-permanente-de-la-tps\/\" title=\"Lire la suite\"><\/a>    <div class=\"card-inner\">\n                    <div class=\"card-asset is-style-border-red\">\n                <span class=\"tab\">National<\/span>                <img loading=\"lazy\" decoding=\"async\" width=\"770\" height=\"540\" src=\"https:\/\/www.restaurantscanada.org\/wp-content\/uploads\/2025\/10\/iStock-1494544313-770x540.jpg\" class=\"attachment-post-image size-post-image wp-post-image\" alt=\"\" \/>                            <\/div>\n                <div class=\"card-content\">\n            <h3><span>Les restaurants pourraient cr\u00e9er 25 000 emplois suppl\u00e9mentaires pour les jeunes gr\u00e2ce \u00e0 une exemption permanente de la TPS<\/span><\/h3>\n            <p>Le gouvernement f\u00e9d\u00e9ral pourrait favoriser la cr\u00e9ation de plus de 25 000 emplois pour les jeunes dans le&#8230;<\/p>\n        <\/div>\n    <\/div>\n<\/article>\n\n\n\n                    <\/div>\n                \n                                <div class=\"col-md-6 col-lg-4 mb-5\">\n                        \n<article class=\"card post onScroll. has-image\">\n    <a href=\"https:\/\/www.restaurantscanada.org\/fr\/prolongation-du-projet-pilote-sur-la-voie-dacces-a-la-mobilite-economique\/\" title=\"Lire la suite\"><\/a>    <div class=\"card-inner\">\n                    <div class=\"card-asset is-style-border-red\">\n                <span class=\"tab\">National<\/span>                <img loading=\"lazy\" decoding=\"async\" width=\"770\" height=\"540\" src=\"https:\/\/www.restaurantscanada.org\/wp-content\/uploads\/2025\/06\/iStock-2204239790-770x540.jpg\" class=\"attachment-post-image size-post-image wp-post-image\" alt=\"\" \/>                            <\/div>\n                <div class=\"card-content\">\n            <h3><span>Prolongation du Projet pilote sur la voie d\u2019acc\u00e8s \u00e0 la mobilit\u00e9 \u00e9conomique<\/span><\/h3>\n            <p>Hier, le gouvernement f\u00e9d\u00e9ral a annonc\u00e9 la prolongation du Projet pilote sur la voie d\u2019acc\u00e8s \u00e0 la mobilit\u00e9&#8230;<\/p>\n        <\/div>\n    <\/div>\n<\/article>\n\n\n\n                    <\/div>\n                \n                                <div class=\"col-md-6 col-lg-4 mb-5\">\n                        \n<article class=\"card post onScroll. has-image\">\n    <a href=\"https:\/\/www.restaurantscanada.org\/fr\/le-gouvernement-federal-pourrait-creer-jusqu%E2%80%99a-80-000-nouveaux-emplois-et-faire-economiser-5%2C4-milliards-de-dollars-en-impots-aux-canadiens-en-supprimant-de-facon-permanente-la-tps-sur-tous-les-aliments\" title=\"Lire la suite\"><\/a>    <div class=\"card-inner\">\n                    <div class=\"card-asset is-style-border-red\">\n                <span class=\"tab\">National<\/span>                <img loading=\"lazy\" decoding=\"async\" width=\"770\" height=\"540\" src=\"https:\/\/www.restaurantscanada.org\/wp-content\/uploads\/2025\/06\/sponsored-content-2-770x540.jpg\" class=\"attachment-post-image size-post-image wp-post-image\" alt=\"\" \/>                            <\/div>\n                <div class=\"card-content\">\n            <h3><span>Le gouvernement f\u00e9d\u00e9ral pourrait cr\u00e9er jusqu\u2019\u00e0 80 000 nouveaux emplois et faire \u00e9conomiser 5,4 milliards de dollars en imp\u00f4ts aux Canadiens en supprimant de fa\u00e7on permanente la TPS sur tous les aliments<\/span><\/h3>\n            <p>La suppression de la TPS de 5 % sur tous les aliments vendus dans les restaurants permettrait aux&#8230;<\/p>\n        <\/div>\n    <\/div>\n<\/article>\n\n\n\n                    <\/div>\n                \n                                <div class=\"col-md-6 col-lg-4 mb-5\">\n                        \n<article class=\"card post onScroll\">\n    <a href=\"https:\/\/www.restaurantscanada.org\/fr\/declaration-de-restaurants-canada-sur-la-lettre-de-mandat-du-premier-ministre-carney\/\" title=\"Lire la suite\"><\/a>    <div class=\"card-inner\">\n                <div class=\"card-content\">\n            <h3><span>D\u00e9claration de Restaurants Canada sur la lettre de mandat du Premier ministre Carney<\/span><\/h3>\n            <p>Restaurants Canada se r\u00e9jouit de voir que l\u2019abordabilit\u00e9 et le commerce int\u00e9rieur figurent en t\u00eate des priorit\u00e9s dans&#8230;<\/p>\n        <\/div>\n    <\/div>\n<\/article>\n\n\n\n                    <\/div>\n                \n                                <div class=\"col-md-6 col-lg-4 mb-5\">\n                        \n<article class=\"card post onScroll. has-image\">\n    <a href=\"https:\/\/www.restaurantscanada.org\/fr\/opinion-temporary-workers-can-help-save-struggling-rural-restaurants-hamilton-spectator-april-9-2026\/\" title=\"Lire la suite\"><\/a>    <div class=\"card-inner\">\n                    <div class=\"card-asset is-style-border-red\">\n                <span class=\"tab\">National<\/span>                <img loading=\"lazy\" decoding=\"async\" width=\"770\" height=\"540\" src=\"https:\/\/www.restaurantscanada.org\/wp-content\/uploads\/2026\/04\/iStock-1414955462-770x540.jpg\" class=\"attachment-post-image size-post-image wp-post-image\" alt=\"\" \/>                            <\/div>\n                <div class=\"card-content\">\n            <h3><span>Opinion &#8211; Temporary workers can help save struggling rural restaurants (Hamilton Spectator &#8211; April 9, 2026)<\/span><\/h3>\n            <p>An oped written by: Kelly Higginson, President &amp; CEO, Restaurants Canada Published in The Hamilton Spectator, here. On&#8230;<\/p>\n        <\/div>\n    <\/div>\n<\/article>\n\n\n\n                    <\/div>\n                \n                                <div class=\"col-md-6 col-lg-4 mb-5\">\n                        \n<article class=\"card post onScroll. has-image\">\n    <a href=\"https:\/\/www.restaurantscanada.org\/fr\/immigration-oversight-act-will-create-additional-hiring-barriers-for-alberta-restaurants\/\" title=\"Lire la suite\"><\/a>    <div class=\"card-inner\">\n                    <div class=\"card-asset is-style-border-red\">\n                <span class=\"tab\">Alberta<\/span>                <img loading=\"lazy\" decoding=\"async\" width=\"770\" height=\"540\" src=\"https:\/\/www.restaurantscanada.org\/wp-content\/uploads\/2026\/04\/iStock-1136639484-770x540.jpg\" class=\"attachment-post-image size-post-image wp-post-image\" alt=\"\" \/>                            <\/div>\n                <div class=\"card-content\">\n            <h3><span>Immigration Oversight Act will create additional hiring barriers for Alberta restaurants<\/span><\/h3>\n            <p>The Immigration Oversight Act introduced by the Alberta government yesterday will create more barriers for access to critically&#8230;<\/p>\n        <\/div>\n    <\/div>\n<\/article>\n\n\n\n                    <\/div>\n                \n                                <div class=\"col-md-6 col-lg-4 mb-5\">\n                        \n<article class=\"card post onScroll. has-image\">\n    <a href=\"https:\/\/www.restaurantscanada.org\/fr\/ontario-budget-some-positive-measures-for-restaurants-but-more-to-do\/\" title=\"Lire la suite\"><\/a>    <div class=\"card-inner\">\n                    <div class=\"card-asset is-style-border-red\">\n                <span class=\"tab\">Ontario<\/span>                <img loading=\"lazy\" decoding=\"async\" width=\"770\" height=\"540\" src=\"https:\/\/www.restaurantscanada.org\/wp-content\/uploads\/2026\/03\/iStock-626906224-1-770x540.jpg\" class=\"attachment-post-image size-post-image wp-post-image\" alt=\"\" \/>                            <\/div>\n                <div class=\"card-content\">\n            <h3><span>Ontario Budget \u2013 Some positive\u00a0measures\u00a0for restaurants, but more to do.\u00a0<\/span><\/h3>\n            <p>While today\u2019s Ontario Budget&nbsp;contains&nbsp;some measures that will be positive for&nbsp;the restaurant industry,&nbsp;our advocacy&nbsp;continues&nbsp;on&nbsp;core priorities like:&nbsp; Small&nbsp;Business Tax Rate&#8230;<\/p>\n        <\/div>\n    <\/div>\n<\/article>\n\n\n\n                    <\/div>\n                \n                                <div class=\"col-md-6 col-lg-4 mb-5\">\n                        \n<article class=\"card post onScroll. has-image\">\n    <a href=\"https:\/\/www.restaurantscanada.org\/fr\/manitoba-budget-2026-misses-opportunity-to-make-all-food-more-affordable\/\" title=\"Lire la suite\"><\/a>    <div class=\"card-inner\">\n                    <div class=\"card-asset is-style-border-red\">\n                <span class=\"tab\">Manitoba<\/span>                <img loading=\"lazy\" decoding=\"async\" width=\"770\" height=\"540\" src=\"https:\/\/www.restaurantscanada.org\/wp-content\/uploads\/2026\/03\/iStock-995790586-770x540.jpg\" class=\"attachment-post-image size-post-image wp-post-image\" alt=\"\" \/>                            <\/div>\n                <div class=\"card-content\">\n            <h3><span>Manitoba Budget 2026 misses opportunity to make all food more affordable<\/span><\/h3>\n            <p>Today\u2019s Manitoba budget fails to exempt all food, including restaurant meals, from provincial sales tax (PST) to make&#8230;<\/p>\n        <\/div>\n    <\/div>\n<\/article>\n\n\n\n                    <\/div>\n                \n                    <\/div>\n    <\/div><nav id=\"pagenav\" data-maxpage=\"26\"><ul class=\"pagination\"><li class=\"page-item\"><span aria-current=\"page\" class=\"page-numbers current\">1<\/span><\/li><li class=\"page-item\"><a class=\"page-numbers\" href=\"https:\/\/www.restaurantscanada.org\/fr\/wp-json\/wp\/v2\/pages\/283\/page\/2\/\">2<\/a><\/li><li class=\"page-item\"><a class=\"page-numbers\" href=\"https:\/\/www.restaurantscanada.org\/fr\/wp-json\/wp\/v2\/pages\/283\/page\/3\/\">3<\/a><\/li><li class=\"page-item\"><a class=\"page-numbers\" href=\"https:\/\/www.restaurantscanada.org\/fr\/wp-json\/wp\/v2\/pages\/283\/page\/4\/\">4<\/a><\/li><li class=\"page-item\"><span class=\"page-numbers dots\">\u2026<\/span><\/li><li class=\"page-item\"><a class=\"page-numbers\" href=\"https:\/\/www.restaurantscanada.org\/fr\/wp-json\/wp\/v2\/pages\/283\/page\/24\/\">24<\/a><\/li><li class=\"page-item\"><a class=\"page-numbers\" href=\"https:\/\/www.restaurantscanada.org\/fr\/wp-json\/wp\/v2\/pages\/283\/page\/25\/\">25<\/a><\/li><li class=\"page-item\"><a class=\"page-numbers\" href=\"https:\/\/www.restaurantscanada.org\/fr\/wp-json\/wp\/v2\/pages\/283\/page\/26\/\">26<\/a><\/li><li class=\"page-item\"><a class=\"next page-numbers\" href=\"https:\/\/www.restaurantscanada.org\/fr\/wp-json\/wp\/v2\/pages\/283\/page\/2\/\"><i class=\"fas fa-chevron-right\"><\/i><\/a><\/li><\/ul><\/nav>                <\/div>\n                    <\/div>\n    <\/div>\n","protected":false},"excerpt":{"rendered":"<p>Thank you for becoming a member One of our Membership Services representatives will be in touch soon to&#8230;<\/p>\n","protected":false},"author":5,"featured_media":273,"parent":131,"menu_order":0,"comment_status":"closed","ping_status":"closed","template":"","meta":{"_acf_changed":false,"footnotes":""},"class_list":["post-283","page","type-page","status-publish","has-post-thumbnail","hentry"],"acf":{"page_color":"","page_color_text":""},"yoast_head":"<!-- This site is optimized with the Yoast SEO plugin v27.0 - https:\/\/yoast.com\/product\/yoast-seo-wordpress\/ -->\n<title>Thank you - Restaurants Canada<\/title>\n<meta name=\"robots\" content=\"index, follow, max-snippet:-1, max-image-preview:large, max-video-preview:-1\" \/>\n<link rel=\"canonical\" href=\"https:\/\/www.restaurantscanada.org\/members\/join\/thank-you\/\" \/>\n<meta property=\"og:locale\" content=\"fr_FR\" \/>\n<meta property=\"og:type\" content=\"article\" \/>\n<meta property=\"og:title\" content=\"Thank you - Restaurants Canada\" \/>\n<meta property=\"og:description\" content=\"Thank you for becoming a member One of our Membership Services representatives will be in touch soon to...\" \/>\n<meta property=\"og:url\" content=\"https:\/\/www.restaurantscanada.org\/members\/join\/thank-you\/\" \/>\n<meta property=\"og:site_name\" content=\"Restaurants Canada\" \/>\n<meta property=\"article:publisher\" content=\"https:\/\/www.facebook.com\/RestaurantsCanada\" \/>\n<meta property=\"article:modified_time\" content=\"2024-01-29T23:42:06+00:00\" \/>\n<meta property=\"og:image\" content=\"https:\/\/www.restaurantscanada.org\/wp-content\/uploads\/2024\/01\/GettyImages-1387024635.jpg\" \/>\n\t<meta property=\"og:image:width\" content=\"2122\" \/>\n\t<meta property=\"og:image:height\" content=\"1412\" \/>\n\t<meta property=\"og:image:type\" content=\"image\/jpeg\" \/>\n<meta name=\"twitter:card\" content=\"summary_large_image\" \/>\n<meta name=\"twitter:site\" content=\"@RestaurantsCA\" \/>\n<script type=\"application\/ld+json\" class=\"yoast-schema-graph\">{\"@context\":\"https:\/\/schema.org\",\"@graph\":[{\"@type\":\"WebPage\",\"@id\":\"https:\/\/www.restaurantscanada.org\/members\/join\/thank-you\/\",\"url\":\"https:\/\/www.restaurantscanada.org\/members\/join\/thank-you\/\",\"name\":\"Thank you - Restaurants Canada\",\"isPartOf\":{\"@id\":\"https:\/\/www.restaurantscanada.org\/#website\"},\"primaryImageOfPage\":{\"@id\":\"https:\/\/www.restaurantscanada.org\/members\/join\/thank-you\/#primaryimage\"},\"image\":{\"@id\":\"https:\/\/www.restaurantscanada.org\/members\/join\/thank-you\/#primaryimage\"},\"thumbnailUrl\":\"https:\/\/www.restaurantscanada.org\/wp-content\/uploads\/2024\/01\/GettyImages-1387024635.jpg\",\"datePublished\":\"2024-01-25T14:56:12+00:00\",\"dateModified\":\"2024-01-29T23:42:06+00:00\",\"breadcrumb\":{\"@id\":\"https:\/\/www.restaurantscanada.org\/members\/join\/thank-you\/#breadcrumb\"},\"inLanguage\":\"fr-FR\",\"potentialAction\":[{\"@type\":\"ReadAction\",\"target\":[\"https:\/\/www.restaurantscanada.org\/members\/join\/thank-you\/\"]}]},{\"@type\":\"ImageObject\",\"inLanguage\":\"fr-FR\",\"@id\":\"https:\/\/www.restaurantscanada.org\/members\/join\/thank-you\/#primaryimage\",\"url\":\"https:\/\/www.restaurantscanada.org\/wp-content\/uploads\/2024\/01\/GettyImages-1387024635.jpg\",\"contentUrl\":\"https:\/\/www.restaurantscanada.org\/wp-content\/uploads\/2024\/01\/GettyImages-1387024635.jpg\",\"width\":2122,\"height\":1412,\"caption\":\"Owner of restaurant smiling at camera\"},{\"@type\":\"BreadcrumbList\",\"@id\":\"https:\/\/www.restaurantscanada.org\/members\/join\/thank-you\/#breadcrumb\",\"itemListElement\":[{\"@type\":\"ListItem\",\"position\":1,\"name\":\"Home\",\"item\":\"https:\/\/www.restaurantscanada.org\/fr\/\"},{\"@type\":\"ListItem\",\"position\":2,\"name\":\"Members\",\"item\":\"https:\/\/www.restaurantscanada.org\/members\/\"},{\"@type\":\"ListItem\",\"position\":3,\"name\":\"Become a member\",\"item\":\"https:\/\/www.restaurantscanada.org\/members\/join\/\"},{\"@type\":\"ListItem\",\"position\":4,\"name\":\"Thank you\"}]},{\"@type\":\"WebSite\",\"@id\":\"https:\/\/www.restaurantscanada.org\/#website\",\"url\":\"https:\/\/www.restaurantscanada.org\/\",\"name\":\"Restaurants Canada\",\"description\":\"La voix des services alimentaires\",\"publisher\":{\"@id\":\"https:\/\/www.restaurantscanada.org\/#organization\"},\"potentialAction\":[{\"@type\":\"SearchAction\",\"target\":{\"@type\":\"EntryPoint\",\"urlTemplate\":\"https:\/\/www.restaurantscanada.org\/?s={search_term_string}\"},\"query-input\":{\"@type\":\"PropertyValueSpecification\",\"valueRequired\":true,\"valueName\":\"search_term_string\"}}],\"inLanguage\":\"fr-FR\"},{\"@type\":\"Organization\",\"@id\":\"https:\/\/www.restaurantscanada.org\/#organization\",\"name\":\"Restaurants Canada\",\"alternateName\":\"RC\",\"url\":\"https:\/\/www.restaurantscanada.org\/\",\"logo\":{\"@type\":\"ImageObject\",\"inLanguage\":\"fr-FR\",\"@id\":\"https:\/\/www.restaurantscanada.org\/#\/schema\/logo\/image\/\",\"url\":\"https:\/\/rcsparkdev.wpenginepowered.com\/wp-content\/uploads\/2024\/01\/rc-brand-colour.svg\",\"contentUrl\":\"https:\/\/rcsparkdev.wpenginepowered.com\/wp-content\/uploads\/2024\/01\/rc-brand-colour.svg\",\"width\":1,\"height\":1,\"caption\":\"Restaurants Canada\"},\"image\":{\"@id\":\"https:\/\/www.restaurantscanada.org\/#\/schema\/logo\/image\/\"},\"sameAs\":[\"https:\/\/www.facebook.com\/RestaurantsCanada\",\"https:\/\/x.com\/RestaurantsCA\"]}]}<\/script>\n<!-- \/ Yoast SEO plugin. -->","yoast_head_json":{"title":"Thank you - Restaurants Canada","robots":{"index":"index","follow":"follow","max-snippet":"max-snippet:-1","max-image-preview":"max-image-preview:large","max-video-preview":"max-video-preview:-1"},"canonical":"https:\/\/www.restaurantscanada.org\/members\/join\/thank-you\/","og_locale":"fr_FR","og_type":"article","og_title":"Thank you - Restaurants Canada","og_description":"Thank you for becoming a member One of our Membership Services representatives will be in touch soon to...","og_url":"https:\/\/www.restaurantscanada.org\/members\/join\/thank-you\/","og_site_name":"Restaurants Canada","article_publisher":"https:\/\/www.facebook.com\/RestaurantsCanada","article_modified_time":"2024-01-29T23:42:06+00:00","og_image":[{"width":2122,"height":1412,"url":"https:\/\/www.restaurantscanada.org\/wp-content\/uploads\/2024\/01\/GettyImages-1387024635.jpg","type":"image\/jpeg"}],"twitter_card":"summary_large_image","twitter_site":"@RestaurantsCA","schema":{"@context":"https:\/\/schema.org","@graph":[{"@type":"WebPage","@id":"https:\/\/www.restaurantscanada.org\/members\/join\/thank-you\/","url":"https:\/\/www.restaurantscanada.org\/members\/join\/thank-you\/","name":"Thank you - Restaurants Canada","isPartOf":{"@id":"https:\/\/www.restaurantscanada.org\/#website"},"primaryImageOfPage":{"@id":"https:\/\/www.restaurantscanada.org\/members\/join\/thank-you\/#primaryimage"},"image":{"@id":"https:\/\/www.restaurantscanada.org\/members\/join\/thank-you\/#primaryimage"},"thumbnailUrl":"https:\/\/www.restaurantscanada.org\/wp-content\/uploads\/2024\/01\/GettyImages-1387024635.jpg","datePublished":"2024-01-25T14:56:12+00:00","dateModified":"2024-01-29T23:42:06+00:00","breadcrumb":{"@id":"https:\/\/www.restaurantscanada.org\/members\/join\/thank-you\/#breadcrumb"},"inLanguage":"fr-FR","potentialAction":[{"@type":"ReadAction","target":["https:\/\/www.restaurantscanada.org\/members\/join\/thank-you\/"]}]},{"@type":"ImageObject","inLanguage":"fr-FR","@id":"https:\/\/www.restaurantscanada.org\/members\/join\/thank-you\/#primaryimage","url":"https:\/\/www.restaurantscanada.org\/wp-content\/uploads\/2024\/01\/GettyImages-1387024635.jpg","contentUrl":"https:\/\/www.restaurantscanada.org\/wp-content\/uploads\/2024\/01\/GettyImages-1387024635.jpg","width":2122,"height":1412,"caption":"Owner of restaurant smiling at camera"},{"@type":"BreadcrumbList","@id":"https:\/\/www.restaurantscanada.org\/members\/join\/thank-you\/#breadcrumb","itemListElement":[{"@type":"ListItem","position":1,"name":"Home","item":"https:\/\/www.restaurantscanada.org\/fr\/"},{"@type":"ListItem","position":2,"name":"Members","item":"https:\/\/www.restaurantscanada.org\/members\/"},{"@type":"ListItem","position":3,"name":"Become a member","item":"https:\/\/www.restaurantscanada.org\/members\/join\/"},{"@type":"ListItem","position":4,"name":"Thank you"}]},{"@type":"WebSite","@id":"https:\/\/www.restaurantscanada.org\/#website","url":"https:\/\/www.restaurantscanada.org\/","name":"Restaurants Canada","description":"La voix des services alimentaires","publisher":{"@id":"https:\/\/www.restaurantscanada.org\/#organization"},"potentialAction":[{"@type":"SearchAction","target":{"@type":"EntryPoint","urlTemplate":"https:\/\/www.restaurantscanada.org\/?s={search_term_string}"},"query-input":{"@type":"PropertyValueSpecification","valueRequired":true,"valueName":"search_term_string"}}],"inLanguage":"fr-FR"},{"@type":"Organization","@id":"https:\/\/www.restaurantscanada.org\/#organization","name":"Restaurants Canada","alternateName":"RC","url":"https:\/\/www.restaurantscanada.org\/","logo":{"@type":"ImageObject","inLanguage":"fr-FR","@id":"https:\/\/www.restaurantscanada.org\/#\/schema\/logo\/image\/","url":"https:\/\/rcsparkdev.wpenginepowered.com\/wp-content\/uploads\/2024\/01\/rc-brand-colour.svg","contentUrl":"https:\/\/rcsparkdev.wpenginepowered.com\/wp-content\/uploads\/2024\/01\/rc-brand-colour.svg","width":1,"height":1,"caption":"Restaurants Canada"},"image":{"@id":"https:\/\/www.restaurantscanada.org\/#\/schema\/logo\/image\/"},"sameAs":["https:\/\/www.facebook.com\/RestaurantsCanada","https:\/\/x.com\/RestaurantsCA"]}]}},"_links":{"self":[{"href":"https:\/\/www.restaurantscanada.org\/fr\/wp-json\/wp\/v2\/pages\/283","targetHints":{"allow":["GET"]}}],"collection":[{"href":"https:\/\/www.restaurantscanada.org\/fr\/wp-json\/wp\/v2\/pages"}],"about":[{"href":"https:\/\/www.restaurantscanada.org\/fr\/wp-json\/wp\/v2\/types\/page"}],"author":[{"embeddable":true,"href":"https:\/\/www.restaurantscanada.org\/fr\/wp-json\/wp\/v2\/users\/5"}],"replies":[{"embeddable":true,"href":"https:\/\/www.restaurantscanada.org\/fr\/wp-json\/wp\/v2\/comments?post=283"}],"version-history":[{"count":0,"href":"https:\/\/www.restaurantscanada.org\/fr\/wp-json\/wp\/v2\/pages\/283\/revisions"}],"up":[{"embeddable":true,"href":"https:\/\/www.restaurantscanada.org\/fr\/wp-json\/wp\/v2\/pages\/131"}],"wp:featuredmedia":[{"embeddable":true,"href":"https:\/\/www.restaurantscanada.org\/fr\/wp-json\/wp\/v2\/media\/273"}],"wp:attachment":[{"href":"https:\/\/www.restaurantscanada.org\/fr\/wp-json\/wp\/v2\/media?parent=283"}],"curies":[{"name":"wp","href":"https:\/\/api.w.org\/{rel}","templated":true}]}}